{"id":16352,"date":"2019-04-26T15:24:11","date_gmt":"2019-04-26T15:24:11","guid":{"rendered":"http:\/\/arpac.edu.mx\/archivos\/?page_id=16352"},"modified":"2019-06-12T20:42:42","modified_gmt":"2019-06-12T20:42:42","slug":"valores-politica","status":"publish","type":"page","link":"https:\/\/arpac.edu.mx\/archivos\/valores-politica\/","title":{"rendered":"VALORES, POL\u00cdTICA&#8230;"},"content":{"rendered":"<p>[vc_row css_animation=&#8221;&#8221; row_type=&#8221;row&#8221; use_row_as_full_screen_section=&#8221;no&#8221; type=&#8221;full_width&#8221; angled_section=&#8221;no&#8221; text_align=&#8221;left&#8221; background_image_as_pattern=&#8221;without_pattern&#8221;][vc_column][vc_column_text]<\/p>\n<h1 style=\"text-align: center;\"><strong>OBJETIVOS DEL INSTITUTO<\/strong><\/h1>\n<p>[\/vc_column_text][vc_empty_space][\/vc_column][\/vc_row][vc_row css_animation=&#8221;&#8221; row_type=&#8221;row&#8221; use_row_as_full_screen_section=&#8221;no&#8221; type=&#8221;full_width&#8221; angled_section=&#8221;no&#8221; text_align=&#8221;left&#8221; background_image_as_pattern=&#8221;without_pattern&#8221;][vc_column][vc_row_inner row_type=&#8221;row&#8221; type=&#8221;full_width&#8221; text_align=&#8221;left&#8221; css_animation=&#8221;&#8221; css=&#8221;.vc_custom_1556725169347{background-image: url(https:\/\/arpac.edu.mx\/archivos\/wp-content\/uploads\/2019\/05\/objetivos-dedicacion.jpg?id=16426) !important;}&#8221; padding_top=&#8221;50&#8243; padding_bottom=&#8221;50&#8243;][vc_column_inner width=&#8221;1\/2&#8243;][\/vc_column_inner][vc_column_inner width=&#8221;1\/2&#8243;][vc_single_image image=&#8221;16416&#8243; alignment=&#8221;center&#8221; qode_css_animation=&#8221;&#8221;][vc_empty_space height=&#8221;20px&#8221;][vc_column_text css=&#8221;.vc_custom_1556725925770{padding-right: 20px !important;}&#8221;]<\/p>\n<h3 style=\"text-align: center;\"><strong>Promover y facilitar el estudio, desarrollo e investigaci\u00f3n cient\u00edfica de la disciplina psicoanal\u00edtica.<\/strong><\/h3>\n<p>[\/vc_column_text][\/vc_column_inner][\/vc_row_inner][vc_row_inner row_type=&#8221;row&#8221; type=&#8221;full_width&#8221; text_align=&#8221;left&#8221; css_animation=&#8221;&#8221; css=&#8221;.vc_custom_1556725539797{background-image: url(https:\/\/arpac.edu.mx\/archivos\/wp-content\/uploads\/2019\/05\/obvjetivos-educar.jpg?id=16424) !important;}&#8221; padding_top=&#8221;50&#8243; padding_bottom=&#8221;50&#8243;][vc_column_inner width=&#8221;1\/2&#8243;][vc_single_image image=&#8221;16417&#8243; alignment=&#8221;center&#8221; qode_css_animation=&#8221;&#8221;][vc_empty_space height=&#8221;20px&#8221;][vc_column_text css=&#8221;.vc_custom_1556725614674{padding-right: 20px !important;}&#8221;]<\/p>\n<h2 style=\"text-align: center;\">Estudio<\/h2>\n<h3 style=\"text-align: center;\">Formar especialistas en Psicoan\u00e1lisis.<\/h3>\n<p>[\/vc_column_text][\/vc_column_inner][vc_column_inner width=&#8221;1\/2&#8243;][\/vc_column_inner][\/vc_row_inner][vc_row_inner row_type=&#8221;row&#8221; type=&#8221;full_width&#8221; text_align=&#8221;left&#8221; css_animation=&#8221;&#8221; css=&#8221;.vc_custom_1556725689348{background-image: url(https:\/\/arpac.edu.mx\/archivos\/wp-content\/uploads\/2019\/05\/objetivos-atencion-cocial.jpg?id=16425) !important;}&#8221; padding_top=&#8221;50&#8243; padding_bottom=&#8221;50&#8243;][vc_column_inner width=&#8221;1\/2&#8243;][\/vc_column_inner][vc_column_inner width=&#8221;1\/2&#8243;][vc_single_image image=&#8221;16412&#8243; alignment=&#8221;center&#8221; qode_css_animation=&#8221;&#8221;][vc_empty_space height=&#8221;20px&#8221;][vc_column_text css=&#8221;.vc_custom_1559181678513{padding-right: 20px !important;}&#8221;]<\/p>\n<h2 style=\"text-align: center;\">Apoyo Social<\/h2>\n<h3 style=\"text-align: center;\">Otorgar a la comunidad asistencia en esta \u00e1rea de la Salud Mental.<\/h3>\n<p>[\/vc_column_text][\/vc_column_inner][\/vc_row_inner][vc_row_inner row_type=&#8221;row&#8221; type=&#8221;full_width&#8221; text_align=&#8221;left&#8221; css_animation=&#8221;&#8221; css=&#8221;.vc_custom_1556725801120{background-image: url(https:\/\/arpac.edu.mx\/archivos\/wp-content\/uploads\/2019\/05\/objetivos-orientacion.jpg?id=16427) !important;}&#8221; padding_top=&#8221;50&#8243; padding_bottom=&#8221;50&#8243;][vc_column_inner width=&#8221;1\/2&#8243;][vc_single_image image=&#8221;16415&#8243; alignment=&#8221;center&#8221; qode_css_animation=&#8221;&#8221;][vc_empty_space height=&#8221;20px&#8221;][vc_column_text css=&#8221;.vc_custom_1556725838747{padding-right: 20px !important;}&#8221;]<\/p>\n<h3 style=\"text-align: center;\">Realizar todas aquellas actividades que se relacionen directa e indirectamente con las anteriormente mencionadas.<\/h3>\n<p>[\/vc_column_text][\/vc_column_inner][vc_column_inner width=&#8221;1\/2&#8243;][\/vc_column_inner][\/vc_row_inner][vc_empty_space height=&#8221;100&#8243;][vc_separator type=&#8221;normal&#8221; color=&#8221;#dbdbdb&#8221;][\/vc_column][\/vc_row][vc_row css_animation=&#8221;&#8221; row_type=&#8221;row&#8221; use_row_as_full_screen_section=&#8221;no&#8221; type=&#8221;full_width&#8221; angled_section=&#8221;no&#8221; text_align=&#8221;left&#8221; background_image_as_pattern=&#8221;without_pattern&#8221; css=&#8221;.vc_custom_1556726461983{border-radius: 1px !important;}&#8221; z_index=&#8221;&#8221;][vc_column][vc_empty_space height=&#8221;60px&#8221;][vc_column_text]<\/p>\n<h1 style=\"text-align: center;\">VISI\u00d3N DEL INSTITUTO<\/h1>\n<p>[\/vc_column_text][vc_empty_space][vc_row_inner row_type=&#8221;row&#8221; type=&#8221;full_width&#8221; text_align=&#8221;left&#8221; css_animation=&#8221;&#8221;][vc_column_inner width=&#8221;1\/3&#8243; css=&#8221;.vc_custom_1559183538232{border-top-width: 0px !important;border-right-width: 0px !important;border-bottom-width: 0px !important;border-left-width: 0px !important;padding-top: 0px !important;padding-right: 10px !important;padding-bottom: 0px !important;padding-left: 10px !important;}&#8221;][vc_single_image image=&#8221;16703&#8243; img_size=&#8221;medium&#8221; alignment=&#8221;center&#8221; qode_css_animation=&#8221;&#8221; el_class=&#8221;imgback&#8221;][\/vc_column_inner][vc_column_inner width=&#8221;1\/3&#8243;][vc_single_image image=&#8221;16702&#8243; img_size=&#8221;medium&#8221; alignment=&#8221;center&#8221; qode_css_animation=&#8221;&#8221; el_class=&#8221;imgback&#8221;][\/vc_column_inner][vc_column_inner width=&#8221;1\/3&#8243;][vc_single_image image=&#8221;16704&#8243; img_size=&#8221;medium&#8221; alignment=&#8221;center&#8221; qode_css_animation=&#8221;&#8221; el_class=&#8221;imgback&#8221;][\/vc_column_inner][\/vc_row_inner][vc_row_inner row_type=&#8221;row&#8221; type=&#8221;full_width&#8221; text_align=&#8221;left&#8221; css_animation=&#8221;&#8221;][vc_column_inner width=&#8221;1\/3&#8243; css=&#8221;.vc_custom_1559183538232{border-top-width: 0px !important;border-right-width: 0px !important;border-bottom-width: 0px !important;border-left-width: 0px !important;padding-top: 0px !important;padding-right: 10px !important;padding-bottom: 0px !important;padding-left: 10px !important;}&#8221;][vc_column_text css=&#8221;.vc_custom_1559185939697{margin-top: 220px !important;margin-right: 70px !important;margin-left: 15px !important;padding-top: 30px !important;padding-right: 10px !important;padding-bottom: 30px !important;padding-left: 10px !important;background-color: #f2f2f2 !important;border-radius: 1px !important;}&#8221;]<\/p>\n<h3 style=\"text-align: center;\">Consolidad la educaci\u00f3n psicoanal\u00edtica y psicoterap\u00e9utica con grados acad\u00e9micos<\/h3>\n<p>[\/vc_column_text][\/vc_column_inner][vc_column_inner width=&#8221;1\/3&#8243;][vc_column_text css=&#8221;.vc_custom_1559777413056{margin-top: 220px !important;margin-right: 70px !important;margin-left: 25px !important;padding-top: 30px !important;padding-right: 10px !important;padding-bottom: 30px !important;padding-left: 10px !important;background-color: #f2f2f2 !important;border-radius: 1px !important;}&#8221;]<\/p>\n<h3 style=\"text-align: center;\">Distinguir a nuestros profesionistas con cualidades de excelencia cl\u00ednica y \u00e9tica<\/h3>\n<p>[\/vc_column_text][\/vc_column_inner][vc_column_inner width=&#8221;1\/3&#8243;][vc_column_text css=&#8221;.vc_custom_1559186027831{margin-top: 220px !important;margin-right: 70px !important;margin-left: 25px !important;padding-top: 30px !important;padding-right: 10px !important;padding-bottom: 30px !important;padding-left: 10px !important;background-color: #f2f2f2 !important;border-radius: 1px !important;}&#8221;]<\/p>\n<h3 style=\"text-align: center;\">Incrementar el desarrollo de la salud mental de la sociedad<\/h3>\n<p>[\/vc_column_text][\/vc_column_inner][\/vc_row_inner][vc_empty_space height=&#8221;100&#8243;][vc_separator type=&#8221;normal&#8221; color=&#8221;#dbdbdb&#8221;][vc_empty_space height=&#8221;60px&#8221;][\/vc_column][\/vc_row][vc_row css_animation=&#8221;&#8221; row_type=&#8221;row&#8221; use_row_as_full_screen_section=&#8221;no&#8221; type=&#8221;full_width&#8221; angled_section=&#8221;no&#8221; text_align=&#8221;center&#8221; background_image_as_pattern=&#8221;without_pattern&#8221; css=&#8221;.vc_custom_1556743762357{padding-bottom: 30px !important;background-image: url(https:\/\/arpac.edu.mx\/archivos\/wp-content\/uploads\/2019\/05\/MISION-BACKGROUND1.jpg?id=16431) !important;border-radius: 2px !important;}&#8221; z_index=&#8221;&#8221;][vc_column width=&#8221;1\/2&#8243;][vc_empty_space height=&#8221;25&#8243;]<div class=\"qode-advanced-tabs qode-advanced-tabs qode-advanced-horizontal-tab clearfix qode-advanced-tab-without-icon qode-advanced-tabs-column-3 clearfix\">\n\t<ul class=\"qode-advanced-tabs-nav\">\n\t\t\t\t\t<li>\n\t\t\t\t<h3>\n\t\t\t\t\t<a href=\"#tab-formar\">\n\t\t\t\t\t\t\n\t\t\t\t\t\t\t\t\t\t\t\t\t<span class=\"qode-advanced-tab-text-after-icon\">\n\t\t\t\t\t\t\t\tFORMAR\t\t\t\t\t\t\t<\/span>\n\t\t\t\t\t\t\t\t\t\t\t<\/a>\n\t\t\t\t<\/h3>\n\t\t\t<\/li>\n\t\t\t\t\t<li>\n\t\t\t\t<h3>\n\t\t\t\t\t<a href=\"#tab-analizar\">\n\t\t\t\t\t\t\n\t\t\t\t\t\t\t\t\t\t\t\t\t<span class=\"qode-advanced-tab-text-after-icon\">\n\t\t\t\t\t\t\t\tANALIZAR\t\t\t\t\t\t\t<\/span>\n\t\t\t\t\t\t\t\t\t\t\t<\/a>\n\t\t\t\t<\/h3>\n\t\t\t<\/li>\n\t\t\t\t\t<li>\n\t\t\t\t<h3>\n\t\t\t\t\t<a href=\"#tab-investigar\">\n\t\t\t\t\t\t\n\t\t\t\t\t\t\t\t\t\t\t\t\t<span class=\"qode-advanced-tab-text-after-icon\">\n\t\t\t\t\t\t\t\tINVESTIGAR\t\t\t\t\t\t\t<\/span>\n\t\t\t\t\t\t\t\t\t\t\t<\/a>\n\t\t\t\t<\/h3>\n\t\t\t<\/li>\n\t\t\t<\/ul>\n\t<div class=\"qode-advanced-tab-container\" id=\"tab-formar-382\" data-icon-pack=\"\" data-icon-html=\"\">[vc_column_text]<\/p>\n<p style=\"text-align: center;\">Formaci\u00f3n de psicoanalistas y psicoterapeutas de adultos y ni\u00f1os, todos con grado de maestr\u00eda. Formaci\u00f3n de personal docente y supervisores, es decir, psicoanalistas didactas.<\/p>\n<p>[\/vc_column_text]<\/div><div class=\"qode-advanced-tab-container\" id=\"tab-analizar-582\" data-icon-pack=\"\" data-icon-html=\"\">[vc_column_text]<\/p>\n<p style=\"text-align: center;\">Preparando a los egresados para una pr\u00e1ctica en consulta privada y en consulta institucional, desarrollando sus habilidades personales aplicadas a nuestra cl\u00ednica con atenci\u00f3n al p\u00fablico y crear un sistema de profesionistas en salud mental.<\/p>\n<p>[\/vc_column_text]<\/div><div class=\"qode-advanced-tab-container\" id=\"tab-investigar-602\" data-icon-pack=\"\" data-icon-html=\"\">[vc_column_text]<\/p>\n<p style=\"text-align: center;\">Formaci\u00f3n de doctores en psicoan\u00e1lisis y psicoterapia, desarrollando l\u00edneas de investigaci\u00f3n te\u00f3ricas y cl\u00ednicas, con beneficio para el psicoan\u00e1lisis y la sociedad<\/p>\n<p>[\/vc_column_text]<\/div><\/div>[\/vc_column][vc_column width=&#8221;1\/2&#8243;][vc_empty_space height=&#8221;30&#8243;][vc_single_image image=&#8221;16904&#8243; img_size=&#8221;medium&#8221; alignment=&#8221;right&#8221; qode_css_animation=&#8221;&#8221; css=&#8221;.vc_custom_1560372407258{margin-top: 30px !important;margin-right: 100px !important;}&#8221;][\/vc_column][\/vc_row][vc_row css_animation=&#8221;&#8221; row_type=&#8221;row&#8221; use_row_as_full_screen_section=&#8221;no&#8221; type=&#8221;full_width&#8221; angled_section=&#8221;no&#8221; text_align=&#8221;left&#8221; background_image_as_pattern=&#8221;without_pattern&#8221;][vc_column][vc_empty_space height=&#8221;60px&#8221;][vc_separator type=&#8221;normal&#8221; color=&#8221;#dbdbdb&#8221;][vc_empty_space][\/vc_column][vc_column][vc_column_text]<\/p>\n<h2 style=\"text-align: center;\">POL\u00cdTICA Y FILOSOF\u00cdA\u00a0INSTITUCIONAL DOCENTE<\/h2>\n<p>[\/vc_column_text][\/vc_column][\/vc_row][vc_row css_animation=&#8221;&#8221; row_type=&#8221;row&#8221; use_row_as_full_screen_section=&#8221;no&#8221; type=&#8221;full_width&#8221; angled_section=&#8221;no&#8221; text_align=&#8221;left&#8221; background_image_as_pattern=&#8221;without_pattern&#8221;][vc_column][animated_icons_with_text columns=&#8221;three_columns&#8221;][animated_icon_with_text title_tag=&#8221;h3&#8243; icon=&#8221;fa-asterisk&#8221; title=&#8221;ENTRENAR&#8221; text=&#8221;Proveer entrenamiento en psicoan\u00e1lisis como una disciplina cient\u00edfica (como teor\u00eda, como tratamiento y como m\u00e9todo de investigaci\u00f3n).&#8221; icon_color=&#8221;#1e4368&#8243; border_color=&#8221;#1e4368&#8243;][animated_icon_with_text title_tag=&#8221;h3&#8243; icon=&#8221;fa-database&#8221; title=&#8221;CERTIFICAR&#8221; text=&#8221;Integrar y lograr la certificaci\u00f3n de instituciones internacionales, con nuestro entrenamiento psicoanal\u00edtico como son la IPA (International Psychoanalytical Association) y FEPAL (Federaci\u00f3n Psicoanal\u00edtica de Am\u00e9rica Latina).&#8221; icon_color=&#8221;#105662&#8243; border_color=&#8221;#105662&#8243;][animated_icon_with_text title_tag=&#8221;h3&#8243; icon=&#8221;fa-podcast&#8221; title=&#8221;PROMOVER&#8221; text=&#8221;Promover y estimular la Investigaci\u00f3n Psicoanal\u00edtica, Cl\u00ednica y Aplicada a los cambios sociales que impactan y modulan la conducta humana&#8221; icon_color=&#8221;#561a43&#8243; border_color=&#8221;#561a43&#8243;][\/animated_icons_with_text][animated_icons_with_text columns=&#8221;three_columns&#8221;][animated_icon_with_text title_tag=&#8221;h3&#8243; icon=&#8221;fa-asterisk&#8221; title=&#8221;PROFUNDIZAR&#8221; text=&#8221;Profundizar el estudio en las distintas escuelas psicoanal\u00edticas&#8221; icon_color=&#8221;#1e4368&#8243; border_color=&#8221;#1e4368&#8243;][animated_icon_with_text title_tag=&#8221;h3&#8243; icon=&#8221;fa-database&#8221; title=&#8221;CAPACITAR&#8221; text=&#8221;Capacitar la aplicaci\u00f3n de la Teor\u00eda Psicoanal\u00edtica en Medicina, Psicolog\u00eda y Ciencias del estudio de la Mente en general, con aplicaci\u00f3n a fines asistenciales y comunitarios.&#8221; icon_color=&#8221;#105662&#8243; border_color=&#8221;#105662&#8243;][animated_icon_with_text title_tag=&#8221;h3&#8243; icon=&#8221;fa-podcast&#8221; title=&#8221;DESARROLLO&#8221; text=&#8221;Desarrollar habilidades diagn\u00f3sticas y herramientas terap\u00e9uticas id\u00f3neas en el ejercicio profesional psicoanal\u00edtico y\/o psicoterap\u00e9utico cl\u00ednico, mediante tratamientos en la Cl\u00ednica.&#8221; icon_color=&#8221;#561a43&#8243; border_color=&#8221;#561a43&#8243;][\/animated_icons_with_text][animated_icons_with_text columns=&#8221;three_columns&#8221;][animated_icon_with_text title_tag=&#8221;h3&#8243; icon=&#8221;fa-asterisk&#8221; title=&#8221;ENTRENAR&#8221; text=&#8221;Entrenar el pensamiento psicoanal\u00edtico hacia una identidad profesional.&#8221; icon_color=&#8221;#1e4368&#8243; border_color=&#8221;#1e4368&#8243;][animated_icon_with_text title_tag=&#8221;h3&#8243; icon=&#8221;fa-database&#8221; title=&#8221;ENTENDER&#8221; text=&#8221;Entender la mente humana desde el enfoque b\u00edo-psico-social&#8221; icon_color=&#8221;#105662&#8243; border_color=&#8221;#105662&#8243;][animated_icon_with_text title_tag=&#8221;h3&#8243; icon=&#8221;fa-podcast&#8221; title=&#8221;GRADUAR&#8221; text=&#8221;Graduar a los estudiantes con grado de maestr\u00eda&#8221; icon_color=&#8221;#561a43&#8243; border_color=&#8221;#561a43&#8243;][\/animated_icons_with_text][\/vc_column][vc_column][\/vc_column][\/vc_row]<\/p>\n","protected":false},"excerpt":{"rendered":"<p>[vc_row css_animation=&#8221;&#8221; row_type=&#8221;row&#8221; use_row_as_full_screen_section=&#8221;no&#8221; type=&#8221;full_width&#8221; angled_section=&#8221;no&#8221; text_align=&#8221;left&#8221; background_image_as_pattern=&#8221;without_pattern&#8221;][vc_column][vc_column_text] OBJETIVOS DEL INSTITUTO [\/vc_column_text][vc_empty_space][\/vc_column][\/vc_row][vc_row css_animation=&#8221;&#8221; row_type=&#8221;row&#8221; use_row_as_full_screen_section=&#8221;no&#8221; type=&#8221;full_width&#8221; angled_section=&#8221;no&#8221; text_align=&#8221;left&#8221; background_image_as_pattern=&#8221;without_pattern&#8221;][vc_column][vc_row_inner row_type=&#8221;row&#8221; type=&#8221;full_width&#8221; text_align=&#8221;left&#8221; css_animation=&#8221;&#8221; css=&#8221;.vc_custom_1556725169347{background-image: url(https:\/\/arpac.edu.mx\/archivos\/wp-content\/uploads\/2019\/05\/objetivos-dedicacion.jpg?id=16426) !important;}&#8221; padding_top=&#8221;50&#8243; padding_bottom=&#8221;50&#8243;][vc_column_inner width=&#8221;1\/2&#8243;][\/vc_column_inner][vc_column_inner width=&#8221;1\/2&#8243;][vc_single_image image=&#8221;16416&#8243; alignment=&#8221;center&#8221; qode_css_animation=&#8221;&#8221;][vc_empty_space height=&#8221;20px&#8221;][vc_column_text css=&#8221;.vc_custom_1556725925770{padding-right: 20px !important;}&#8221;] Promover y facilitar el estudio, desarrollo e investigaci\u00f3n&#8230;<\/p>\n","protected":false},"author":1,"featured_media":0,"parent":0,"menu_order":0,"comment_status":"closed","ping_status":"closed","template":"","meta":{"footnotes":""},"_links":{"self":[{"href":"https:\/\/arpac.edu.mx\/archivos\/wp-json\/wp\/v2\/pages\/16352"}],"collection":[{"href":"https:\/\/arpac.edu.mx\/archivos\/wp-json\/wp\/v2\/pages"}],"about":[{"href":"https:\/\/arpac.edu.mx\/archivos\/wp-json\/wp\/v2\/types\/page"}],"author":[{"embeddable":true,"href":"https:\/\/arpac.edu.mx\/archivos\/wp-json\/wp\/v2\/users\/1"}],"replies":[{"embeddable":true,"href":"https:\/\/arpac.edu.mx\/archivos\/wp-json\/wp\/v2\/comments?post=16352"}],"version-history":[{"count":22,"href":"https:\/\/arpac.edu.mx\/archivos\/wp-json\/wp\/v2\/pages\/16352\/revisions"}],"predecessor-version":[{"id":16905,"href":"https:\/\/arpac.edu.mx\/archivos\/wp-json\/wp\/v2\/pages\/16352\/revisions\/16905"}],"wp:attachment":[{"href":"https:\/\/arpac.edu.mx\/archivos\/wp-json\/wp\/v2\/media?parent=16352"}],"curies":[{"name":"wp","href":"https:\/\/api.w.org\/{rel}","templated":true}]}}